{"id":28,"date":"2019-03-13T07:06:34","date_gmt":"2019-03-13T06:06:34","guid":{"rendered":"http:\/\/clauschi.de\/ProKOCHT\/?page_id=28"},"modified":"2019-03-15T15:47:19","modified_gmt":"2019-03-15T14:47:19","slug":"clauschi","status":"publish","type":"page","link":"https:\/\/clauschi.de\/ProKOCHT\/?page_id=28","title":{"rendered":"ClauSchi"},"content":{"rendered":"\n<figure class=\"wp-block-image\"><img loading=\"lazy\" decoding=\"async\" width=\"600\" height=\"400\" src=\"https:\/\/clauschi.de\/ProKOCHT\/wp-content\/uploads\/2019\/03\/ClauSchi_s\u00fcchtig.jpg\" alt=\"\" class=\"wp-image-29\" srcset=\"https:\/\/clauschi.de\/ProKOCHT\/wp-content\/uploads\/2019\/03\/ClauSchi_s\u00fcchtig.jpg 600w, https:\/\/clauschi.de\/ProKOCHT\/wp-content\/uploads\/2019\/03\/ClauSchi_s\u00fcchtig-300x200.jpg 300w\" sizes=\"auto, (max-width: 600px) 100vw, 600px\" \/><\/figure>\n\n\n\n<p>ClauSchi ist nunmehr seit 11 Jahren zum Cachen unterwegs und hat  schon so manche verr\u00fcckte Idee in die Tat umgesetzt. Wenn nicht der Job w\u00e4re, w\u00fcrde er vermutlich den ganzen Tag durch die W\u00e4lder  streifen.<\/p>\n\n\n\n<p>Apropos W\u00e4lder: ClauSchi liebt die Waldcaches, wo er ungest\u00f6rt und \nunbeobachtet suchen kann. Eigentlich findet er auch lieber, als dass er \nsucht, aber das eine bedingt leider das andere.<\/p>\n","protected":false},"excerpt":{"rendered":"<p>ClauSchi ist nunmehr seit 11 Jahren zum Cachen unterwegs und hat schon so manche verr\u00fcckte Idee in die Tat umgesetzt. Wenn nicht der Job w\u00e4re, w\u00fcrde er vermutlich den ganzen Tag durch die W\u00e4lder streifen. Apropos W\u00e4lder: ClauSchi liebt die &hellip; <a href=\"https:\/\/clauschi.de\/ProKOCHT\/?page_id=28\">Weiterlesen <span class=\"meta-nav\">&rarr;<\/span><\/a><\/p>\n","protected":false},"author":1,"featured_media":0,"parent":13,"menu_order":4,"comment_status":"closed","ping_status":"closed","template":"","meta":{"footnotes":""},"class_list":["post-28","page","type-page","status-publish","hentry"],"_links":{"self":[{"href":"https:\/\/clauschi.de\/ProKOCHT\/index.php?rest_route=\/wp\/v2\/pages\/28","targetHints":{"allow":["GET"]}}],"collection":[{"href":"https:\/\/clauschi.de\/ProKOCHT\/index.php?rest_route=\/wp\/v2\/pages"}],"about":[{"href":"https:\/\/clauschi.de\/ProKOCHT\/index.php?rest_route=\/wp\/v2\/types\/page"}],"author":[{"embeddable":true,"href":"https:\/\/clauschi.de\/ProKOCHT\/index.php?rest_route=\/wp\/v2\/users\/1"}],"replies":[{"embeddable":true,"href":"https:\/\/clauschi.de\/ProKOCHT\/index.php?rest_route=%2Fwp%2Fv2%2Fcomments&post=28"}],"version-history":[{"count":1,"href":"https:\/\/clauschi.de\/ProKOCHT\/index.php?rest_route=\/wp\/v2\/pages\/28\/revisions"}],"predecessor-version":[{"id":30,"href":"https:\/\/clauschi.de\/ProKOCHT\/index.php?rest_route=\/wp\/v2\/pages\/28\/revisions\/30"}],"up":[{"embeddable":true,"href":"https:\/\/clauschi.de\/ProKOCHT\/index.php?rest_route=\/wp\/v2\/pages\/13"}],"wp:attachment":[{"href":"https:\/\/clauschi.de\/ProKOCHT\/index.php?rest_route=%2Fwp%2Fv2%2Fmedia&parent=28"}],"curies":[{"name":"wp","href":"https:\/\/api.w.org\/{rel}","templated":true}]}}